{"id":7797,"date":"2023-04-21T20:18:30","date_gmt":"2023-04-21T20:18:30","guid":{"rendered":"https:\/\/dev.investelsalvador.com\/?page_id=7797"},"modified":"2024-11-01T15:47:00","modified_gmt":"2024-11-01T21:47:00","slug":"enabling-business-environment","status":"publish","type":"page","link":"https:\/\/investinelsalvador.gob.sv\/es\/enabling-business-environment\/","title":{"rendered":"Entorno empresarial propicio"},"content":{"rendered":"<div data-elementor-type=\"wp-page\" data-elementor-id=\"7797\" class=\"elementor elementor-7797\" data-elementor-post-type=\"page\">\n\t\t\t\t<div class=\"elementor-element elementor-element-12183b5d e-con-full e-flex wpr-jarallax-no wpr-sticky-section-no e-con e-parent\" data-id=\"12183b5d\" data-element_type=\"container\" data-settings=\"{&quot;background_background&quot;:&quot;video&quot;,&quot;background_video_link&quot;:&quot;https:\\\/\\\/investinelsalvador.gob.sv\\\/wp-content\\\/uploads\\\/2024\\\/10\\\/Vertical-cuadrado.mp4&quot;}\">\n\t\t<div class=\"elementor-background-video-container elementor-hidden-mobile\" aria-hidden=\"true\">\n\t\t\t\t\t\t\t<video class=\"elementor-background-video-hosted\" autoplay muted playsinline loop><\/video>\n\t\t\t\t\t<\/div><div class=\"elementor-element elementor-element-73b09984 e-con-full e-flex wpr-jarallax-no wpr-sticky-section-no e-con e-child\" data-id=\"73b09984\" data-element_type=\"container\">\n\t\t<div class=\"elementor-element elementor-element-2ad4690 e-flex e-con-boxed wpr-jarallax-no wpr-sticky-section-no e-con e-child\" data-id=\"2ad4690\" data-element_type=\"container\">\n\t\t\t\t\t<div class=\"e-con-inner\">\n\t\t\t\t<div class=\"elementor-element elementor-element-759da5e9 animated-slow e-transform elementor-invisible elementor-widget elementor-widget-heading\" data-id=\"759da5e9\" data-element_type=\"widget\" data-settings=\"{&quot;motion_fx_motion_fx_scrolling&quot;:&quot;yes&quot;,&quot;motion_fx_translateX_effect&quot;:&quot;yes&quot;,&quot;motion_fx_translateX_speed&quot;:{&quot;unit&quot;:&quot;px&quot;,&quot;size&quot;:1,&quot;sizes&quot;:[]},&quot;motion_fx_translateX_affectedRange&quot;:{&quot;unit&quot;:&quot;%&quot;,&quot;size&quot;:&quot;&quot;,&quot;sizes&quot;:{&quot;start&quot;:30,&quot;end&quot;:70}},&quot;_animation&quot;:&quot;fadeInLeft&quot;,&quot;_animation_delay&quot;:1000,&quot;_transform_translateX_effect_hover&quot;:{&quot;unit&quot;:&quot;px&quot;,&quot;size&quot;:20,&quot;sizes&quot;:[]},&quot;motion_fx_devices&quot;:[&quot;desktop&quot;,&quot;tablet&quot;,&quot;mobile_extra&quot;,&quot;mobile&quot;],&quot;_transform_translateX_effect_hover_tablet&quot;:{&quot;unit&quot;:&quot;px&quot;,&quot;size&quot;:&quot;&quot;,&quot;sizes&quot;:[]},&quot;_transform_translateX_effect_hover_mobile_extra&quot;:{&quot;unit&quot;:&quot;px&quot;,&quot;size&quot;:&quot;&quot;,&quot;sizes&quot;:[]},&quot;_transform_translateX_effect_hover_mobile&quot;:{&quot;unit&quot;:&quot;px&quot;,&quot;size&quot;:&quot;&quot;,&quot;sizes&quot;:[]},&quot;_transform_translateY_effect_hover&quot;:{&quot;unit&quot;:&quot;px&quot;,&quot;size&quot;:&quot;&quot;,&quot;sizes&quot;:[]},&quot;_transform_translateY_effect_hover_tablet&quot;:{&quot;unit&quot;:&quot;px&quot;,&quot;size&quot;:&quot;&quot;,&quot;sizes&quot;:[]},&quot;_transform_translateY_effect_hover_mobile_extra&quot;:{&quot;unit&quot;:&quot;px&quot;,&quot;size&quot;:&quot;&quot;,&quot;sizes&quot;:[]},&quot;_transform_translateY_effect_hover_mobile&quot;:{&quot;unit&quot;:&quot;px&quot;,&quot;size&quot;:&quot;&quot;,&quot;sizes&quot;:[]}}\" data-widget_type=\"heading.default\">\n\t\t\t\t<div class=\"elementor-widget-container\">\n\t\t\t\t\t<div class=\"elementor-heading-title elementor-size-default\">ENTORNO EMPRESARIAL <\/div>\t\t\t\t<\/div>\n\t\t\t\t<\/div>\n\t\t\t\t<div class=\"elementor-element elementor-element-2af91771 animated-slow e-transform elementor-invisible elementor-widget elementor-widget-heading\" data-id=\"2af91771\" data-element_type=\"widget\" data-settings=\"{&quot;motion_fx_motion_fx_scrolling&quot;:&quot;yes&quot;,&quot;motion_fx_translateX_effect&quot;:&quot;yes&quot;,&quot;motion_fx_translateX_speed&quot;:{&quot;unit&quot;:&quot;px&quot;,&quot;size&quot;:1,&quot;sizes&quot;:[]},&quot;_animation&quot;:&quot;fadeInLeft&quot;,&quot;_animation_delay&quot;:1500,&quot;_transform_translateX_effect_hover&quot;:{&quot;unit&quot;:&quot;px&quot;,&quot;size&quot;:20,&quot;sizes&quot;:[]},&quot;motion_fx_translateX_affectedRange&quot;:{&quot;unit&quot;:&quot;%&quot;,&quot;size&quot;:&quot;&quot;,&quot;sizes&quot;:{&quot;start&quot;:0,&quot;end&quot;:100}},&quot;motion_fx_devices&quot;:[&quot;desktop&quot;,&quot;tablet&quot;,&quot;mobile_extra&quot;,&quot;mobile&quot;],&quot;_transform_translateX_effect_hover_tablet&quot;:{&quot;unit&quot;:&quot;px&quot;,&quot;size&quot;:&quot;&quot;,&quot;sizes&quot;:[]},&quot;_transform_translateX_effect_hover_mobile_extra&quot;:{&quot;unit&quot;:&quot;px&quot;,&quot;size&quot;:&quot;&quot;,&quot;sizes&quot;:[]},&quot;_transform_translateX_effect_hover_mobile&quot;:{&quot;unit&quot;:&quot;px&quot;,&quot;size&quot;:&quot;&quot;,&quot;sizes&quot;:[]},&quot;_transform_translateY_effect_hover&quot;:{&quot;unit&quot;:&quot;px&quot;,&quot;size&quot;:&quot;&quot;,&quot;sizes&quot;:[]},&quot;_transform_translateY_effect_hover_tablet&quot;:{&quot;unit&quot;:&quot;px&quot;,&quot;size&quot;:&quot;&quot;,&quot;sizes&quot;:[]},&quot;_transform_translateY_effect_hover_mobile_extra&quot;:{&quot;unit&quot;:&quot;px&quot;,&quot;size&quot;:&quot;&quot;,&quot;sizes&quot;:[]},&quot;_transform_translateY_effect_hover_mobile&quot;:{&quot;unit&quot;:&quot;px&quot;,&quot;size&quot;:&quot;&quot;,&quot;sizes&quot;:[]}}\" data-widget_type=\"heading.default\">\n\t\t\t\t<div class=\"elementor-widget-container\">\n\t\t\t\t\t<div class=\"elementor-heading-title elementor-size-default\">PROPICIO<\/div>\t\t\t\t<\/div>\n\t\t\t\t<\/div>\n\t\t\t\t\t<\/div>\n\t\t\t\t<\/div>\n\t\t<div class=\"elementor-element elementor-element-4bb945ae e-flex e-con-boxed wpr-jarallax-no wpr-sticky-section-no e-con e-child\" data-id=\"4bb945ae\" data-element_type=\"container\">\n\t\t\t\t\t<div class=\"e-con-inner\">\n\t\t\t\t<div class=\"elementor-element elementor-element-335a79c6 animated-slow e-transform elementor-invisible elementor-widget elementor-widget-text-editor\" data-id=\"335a79c6\" data-element_type=\"widget\" data-settings=\"{&quot;_animation&quot;:&quot;fadeInRight&quot;,&quot;_animation_delay&quot;:2000,&quot;_transform_translateX_effect_hover&quot;:{&quot;unit&quot;:&quot;px&quot;,&quot;size&quot;:20,&quot;sizes&quot;:[]},&quot;_transform_translateX_effect_hover_tablet&quot;:{&quot;unit&quot;:&quot;px&quot;,&quot;size&quot;:&quot;&quot;,&quot;sizes&quot;:[]},&quot;_transform_translateX_effect_hover_mobile_extra&quot;:{&quot;unit&quot;:&quot;px&quot;,&quot;size&quot;:&quot;&quot;,&quot;sizes&quot;:[]},&quot;_transform_translateX_effect_hover_mobile&quot;:{&quot;unit&quot;:&quot;px&quot;,&quot;size&quot;:&quot;&quot;,&quot;sizes&quot;:[]},&quot;_transform_translateY_effect_hover&quot;:{&quot;unit&quot;:&quot;px&quot;,&quot;size&quot;:&quot;&quot;,&quot;sizes&quot;:[]},&quot;_transform_translateY_effect_hover_tablet&quot;:{&quot;unit&quot;:&quot;px&quot;,&quot;size&quot;:&quot;&quot;,&quot;sizes&quot;:[]},&quot;_transform_translateY_effect_hover_mobile_extra&quot;:{&quot;unit&quot;:&quot;px&quot;,&quot;size&quot;:&quot;&quot;,&quot;sizes&quot;:[]},&quot;_transform_translateY_effect_hover_mobile&quot;:{&quot;unit&quot;:&quot;px&quot;,&quot;size&quot;:&quot;&quot;,&quot;sizes&quot;:[]}}\" data-widget_type=\"text-editor.default\">\n\t\t\t\t<div class=\"elementor-widget-container\">\n\t\t\t\t\t\t\t\t\t<p>El Salvador ha <strong>generado un clima de negocios \u00fanico en la regi\u00f3n, una ventaja diferencial propicia para estimular la inversi\u00f3n privada <\/strong>mediante la Estrategia Nacional de Facilitaci\u00f3n del Comercio, la cual tiene por finalidad convertir al pa\u00eds en un destino atractivo, seguro y competitivo a escala internacional.<\/p><p>Con esta estrategia se han modernizado los servicios que brindan las instituciones p\u00fablicas, tanto al ciudadano como a empresas, haciendo posible reducir costos en tiempo y dinero, adem\u00e1s de agilizar los procesos para la dinamizaci\u00f3n de la econom\u00eda.<\/p><p>Se ha logrado disminuir tiempos en las operaciones de comercio exterior, el despacho \u00e1gil de mercanc\u00edas en las terminales mar\u00edtimas y portuarias; y la ampliaci\u00f3n de infraestructura que ha dado como resultado que importantes empresas multinacionales se instalen y operen en el pa\u00eds.<\/p>\t\t\t\t\t\t\t\t<\/div>\n\t\t\t\t<\/div>\n\t\t\t\t\t<\/div>\n\t\t\t\t<\/div>\n\t\t\t\t<\/div>\n\t\t\t\t<div class=\"elementor-element elementor-element-105820b4 elementor-widget elementor-widget-html\" data-id=\"105820b4\" data-element_type=\"widget\" data-widget_type=\"html.default\">\n\t\t\t\t<div class=\"elementor-widget-container\">\n\t\t\t\t\t<style>\n#elementor-widget-container {\n    background: none !important; \/* Elimina cualquier fondo *\/\n    box-shadow: none !important; \/* Elimina el efecto de sombra *\/\n    border: none !important; \/* Asegura que no haya borde *\/\n    filter: none !important; \/* Elimina cualquier filtro aplicado *\/\n}\n\n#elementor-widget-container::before,\n#elementor-widget-container::after {\n    content: none !important; \/* Elimina elementos pseudo que podr\u00edan estar causando el overlay *\/\n    background: none !important; \/* Asegura que no haya fondo en los pseudo-elementos *\/\n    box-shadow: none !important; \/* Elimina sombra en pseudo-elementos *\/\n    filter: none !important; \/* Elimina cualquier filtro aplicado a pseudo-elementos *\/\n    opacity: 0 !important; \/* Asegura que los pseudo-elementos sean invisibles *\/\n}\n\n<\/style>\t\t\t\t<\/div>\n\t\t\t\t<\/div>\n\t\t\t\t<div class=\"elementor-element elementor-element-3af5fa7c elementor-widget__width-initial elementor-widget elementor-widget-ucaddon_content_tabs\" data-id=\"3af5fa7c\" data-element_type=\"widget\" data-widget_type=\"ucaddon_content_tabs.default\">\n\t\t\t\t<div class=\"elementor-widget-container\">\n\t\t\t\t\t<!-- start Content Tabs -->\n\t\t\t<style type=\"text\/css\">\/* widget: Content Tabs *\/\n\n#uc_content_tabs_elementor_3af5fa7c \n{ \n  text-align: left; \n  position: relative;\n  overflow:hidden;\n  display:flex;\n  flex-direction:row;\n}\n\n\n#uc_content_tabs_elementor_3af5fa7c .ue-graphic-element\n{\n  display:inline-flex;\n  align-items:center;\n  justify-content:center;\n  line-height:1em;\n  overflow:hidden;\n}\n\n#uc_content_tabs_elementor_3af5fa7c .ue-graphic-element svg\n{\n  height:1em;\n  width:1em;\n}\n\n#uc_content_tabs_elementor_3af5fa7c .ue-graphic-element img\n{\n  display:block;\n}\n\n#uc_content_tabs_elementor_3af5fa7c .ue-item-image img\n{\n  width:100%;\n  display:block;\n}\n\n#uc_content_tabs_elementor_3af5fa7c .uc_container .uc_btn {\n\n    text-align: center;\n    display: inline-block;\n    text-decoration: none;\n    transition: ease-in-out all 0.25s;\n}\n\n#uc_content_tabs_elementor_3af5fa7c .uc_tab_nav{\n\tflex-direction:column;\n    flex-grow:0;\n    flex-shrink:0;\n}  \n\t\n\n\n#uc_content_tabs_elementor_3af5fa7c * {\n    box-sizing: border-box;\n}\n#uc_content_tabs_elementor_3af5fa7c .ue-tab-btn\n{\n  transition: 0.5s;\n} \n\n#uc_content_tabs_elementor_3af5fa7c > ul.tabs{\n   margin:0px;\n   list-style:none;\n   display:flex;\n}\n\n\n  #uc_content_tabs_elementor_3af5fa7c > ul.tabs{\n      justify-content:flex-start;\n      flex-wrap: wrap;\n  }\n\n\n#uc_content_tabs_elementor_3af5fa7c > ul.tabs > li\n{\n\tpadding:0px; \n\tmargin:0px;\n    \t\n\n}\n\n\n\t\n#uc_content_tabs_elementor_3af5fa7c > ul.tabs > li > a {\n\t\n\tdisplay:flex;\n\ttext-decoration:none;\n    transition:0.5s;\n    flex-wrap: wrap;\n    \n}\n\n#uc_content_tabs_elementor_3af5fa7c .tab-container {\n\tclear:both;\n\toverflow:hidden;\n}\n\n#uc_content_tabs_elementor_3af5fa7c .ue_post_image img\n{\n  display:block;\n  width:100%;\n  object-fit: cover;\n}\n\n#uc_content_tabs_elementor_3af5fa7c .ue_post_link\n{\n  display:;\n  text-decoration:none;\n}\n\n#uc_content_tabs_elementor_3af5fa7c .panes{ display:none;}\n#uc_content_tabs_elementor_3af5fa7c.r-tabs .r-tabs-tab {\n    display: block;\n    margin: 0;\n    list-style: none;\n}\n\n#uc_content_tabs_elementor_3af5fa7c.r-tabs .r-tabs-panel {\n    display: none;\n}\n\n#uc_content_tabs_elementor_3af5fa7c.r-tabs .r-tabs-accordion-title {\n    display: none;\n}\n\n#uc_content_tabs_elementor_3af5fa7c.r-tabs .r-tabs-panel.r-tabs-state-active {\n    display: flex;\n}\n\n\n\n@media only screen and (max-width: 768px){\n  \n #uc_content_tabs_elementor_3af5fa7c > ul.tabs {display:none;}\n #uc_content_tabs_elementor_3af5fa7c.r-tabs .r-tabs-nav { display: none;}\n\n #uc_content_tabs_elementor_3af5fa7c.r-tabs .r-tabs-accordion-title { display: block;}\n #uc_content_tabs_elementor_3af5fa7c .r-tabs-accordion-title .r-tabs-anchor{ \n      display:flex;\n      align-items:center;\n      overflow:hidden; \n }\n  \n #uc_content_tabs_elementor_3af5fa7c .uc-tabs-accordion-title{\n     flex-grow:1;\n }\n  \n #uc_content_tabs_elementor_3af5fa7c .r-tabs-accordion-title .uc-accordion-icon-collapse{\n    display:none;    \n }\n  \n #uc_content_tabs_elementor_3af5fa7c .r-tabs-accordion-title.r-tabs-state-active .uc-accordion-icon-collapse{\n    display:block;\n }\n  \n #uc_content_tabs_elementor_3af5fa7c .r-tabs-accordion-title.r-tabs-state-active .uc-accordion-icon-expand{\n    display:none;\n }\n  \n #uc_content_tabs_elementor_3af5fa7c .ue-item-content-layout{\n    display:flex;\n    flex-direction:column;\n }\n\n #uc_content_tabs_elementor_3af5fa7c .ue-item-image-wrapper{\n \twidth:100%;\n }\n\n #uc_content_tabs_elementor_3af5fa7c .uc-tabs-accordion-title{\n    display:flex;\n    align-items:center;\n }\n\n #uc_content_tabs_elementor_3af5fa7c .panel-container{\n   width:100%;\n }   \n  \n}\n\n\n\n\n\n\n\n\n<\/style>\n\n\t\t\t<div class=\"uc_bold_tabs padding\" id=\"uc_content_tabs_elementor_3af5fa7c\"  data-debug=\"false\" data-editor=\"no\" >\n    \t<ul class=\"tabs uc_tab_nav uc-items-wrapper\">\n        \t\n<li class=\"elementor-repeater-item-d5b8938\">\n  \t\n  \t<a href=\"#uc_content_tabs_elementor_3af5fa7c_item1\" id=\"#ue-tab1\" class=\"ue-tab-btn\">\n \t              \t   \n      <div>Seguridad y Libertad<\/div>\n    <\/a>\n<\/li>\n\n<li class=\"elementor-repeater-item-8ec0097\">\n  \t\n  \t<a href=\"#uc_content_tabs_elementor_3af5fa7c_item2\" id=\"#ue-tab2\" class=\"ue-tab-btn\">\n \t              \t   \n      <div>Protecci\u00f3n de inversiones<\/div>\n    <\/a>\n<\/li>\n\n<li class=\"elementor-repeater-item-00e4acb\">\n  \t\n  \t<a href=\"#uc_content_tabs_elementor_3af5fa7c_item3\" id=\"#ue-tab3\" class=\"ue-tab-btn\">\n \t              \t   \n      <div>Simplificaci\u00f3n de tr\u00e1mites<\/div>\n    <\/a>\n<\/li>\n\n<li class=\"elementor-repeater-item-8575aa1\">\n  \t\n  \t<a href=\"#uc_content_tabs_elementor_3af5fa7c_item4\" id=\"#ue-tab4\" class=\"ue-tab-btn\">\n \t              \t   \n      <div>Acuerdos comerciales<\/div>\n    <\/a>\n<\/li>\n\n<li class=\"elementor-repeater-item-49fe658\">\n  \t\n  \t<a href=\"#uc_content_tabs_elementor_3af5fa7c_item5\" id=\"#ue-tab5\" class=\"ue-tab-btn\">\n \t              \t   \n      <div>Atractivos incentivos fiscales<\/div>\n    <\/a>\n<\/li>\n\n        <\/ul>\n        <div class=\"panel-container uc-items-wrapper2\">\n\t\t\t<div id=\"uc_content_tabs_elementor_3af5fa7c_item1\" class=\"tab-container panes\">\n\t<div>\n      \t\t<div data-elementor-type=\"container\" data-elementor-id=\"25789\" class=\"elementor elementor-25789\" data-elementor-post-type=\"elementor_library\">\n\t\t\t\t<div class=\"elementor-element elementor-element-19ae01f e-flex e-con-boxed wpr-jarallax-no wpr-sticky-section-no e-con e-parent\" data-id=\"19ae01f\" data-element_type=\"container\">\n\t\t\t\t\t<div class=\"e-con-inner\">\n\t\t\t\t<div class=\"elementor-element elementor-element-a5121ee elementor-widget elementor-widget-text-editor\" data-id=\"a5121ee\" data-element_type=\"widget\" data-widget_type=\"text-editor.default\">\n\t\t\t\t<div class=\"elementor-widget-container\">\n\t\t\t\t\t\t\t\t\t<p style=\"text-align: left;\" data-sourcepos=\"3:1-3:404\">Las cifras hist\u00f3ricas de reducci\u00f3n de la criminalidad le han devuelto a El Salvador los sue\u00f1os de grandeza y lo han convertido en el pa\u00eds m\u00e1s seguro de Am\u00e9rica Latina. La exitosa estrategia de seguridad impulsada por el Gobierno del Presidente Nayib Bukele, ha hecho que el mundo gire su visi\u00f3n hacia El Salvador, incrementado el turismo internacional, la inserci\u00f3n hacia nuevos mercados y el aumento de la inversi\u00f3n de grandes empresas locales y extranjeras.<\/p><p style=\"text-align: left;\" data-sourcepos=\"5:1-5:225\">Esta realidad ha dado libertad, seguridad y tranquilidad a toda la poblaci\u00f3n, incluidos empresarios e inversionistas, para que operen sus negocios en el pa\u00eds y se proyecten en la apertura de m\u00e1s negocios.<\/p>\t\t\t\t\t\t\t\t<\/div>\n\t\t\t\t<\/div>\n\t\t\t\t<div class=\"elementor-element elementor-element-13ba255 elementor-widget elementor-widget-video\" data-id=\"13ba255\" data-element_type=\"widget\" data-settings=\"{&quot;video_type&quot;:&quot;hosted&quot;,&quot;autoplay&quot;:&quot;yes&quot;,&quot;play_on_mobile&quot;:&quot;yes&quot;,&quot;mute&quot;:&quot;yes&quot;,&quot;loop&quot;:&quot;yes&quot;}\" data-widget_type=\"video.default\">\n\t\t\t\t<div class=\"elementor-widget-container\">\n\t\t\t\t\t<style>.elementor-element-13ba255{display:none !important}<\/style>\t\t\t\t<\/div>\n\t\t\t\t<\/div>\n\t\t\t\t<div class=\"elementor-element elementor-element-952b16c elementor-widget elementor-widget-video\" data-id=\"952b16c\" data-element_type=\"widget\" data-settings=\"{&quot;video_type&quot;:&quot;hosted&quot;,&quot;autoplay&quot;:&quot;yes&quot;,&quot;play_on_mobile&quot;:&quot;yes&quot;,&quot;mute&quot;:&quot;yes&quot;,&quot;loop&quot;:&quot;yes&quot;}\" data-widget_type=\"video.default\">\n\t\t\t\t<div class=\"elementor-widget-container\">\n\t\t\t\t\t\t\t<div class=\"e-hosted-video elementor-wrapper elementor-open-inline\">\n\t\t\t\t\t<video class=\"elementor-video\" src=\"https:\/\/investinelsalvador.gob.sv\/wp-content\/uploads\/2024\/10\/Top-de-carreras-con-ayor-numero-de-estudiantes-4-1.mp4\" autoplay=\"\" loop=\"\" muted=\"muted\" playsinline=\"\" controlslist=\"nodownload\"><\/video>\n\t\t\t\t<\/div>\n\t\t\t\t\t\t<\/div>\n\t\t\t\t<\/div>\n\t\t\t\t\t<\/div>\n\t\t\t\t<\/div>\n\t\t\t\t<\/div>\n\t\t            \n      \t<\/div>\n<\/div>\n<div id=\"uc_content_tabs_elementor_3af5fa7c_item2\" class=\"tab-container panes\">\n\t<div>\n                     <div class=\"ue-item-content-layout\"> \n           <div class=\"ue-item-image-wrapper\"><\/div>\n           <div class=\"ue-item-content-wrapper\">\n                      <div class=\"ue-content-text\"><p>El Salvador mantiene una estrategia de acciones continuas y coordinadas para generar las condiciones que ampl\u00eden las posibilidades de atracci\u00f3n de nuevas inversiones y el desarrollo de relaciones a largo plazo con los inversionistas.<\/p><p>Ha establecido un marco legal apropiado con la creaci\u00f3n de<span style=\"color: #ffffff;\">\u00a0<span style=\"text-decoration: underline;\"><a style=\"color: #ffffff; text-decoration: underline;\" href=\"https:\/\/investinelsalvador.gob.sv\/wp-content\/uploads\/2023\/11\/Ley-de-Inversiones-1.pdf\"><strong>La Ley de Inversiones<\/strong><\/a><\/span><\/span><strong>,<\/strong>\u00a0que contiene las reglas claras y precisas que le permiten, al pa\u00eds, competir internacionalmente en el esfuerzo de atraer nuevas inversiones para contribuir a su desarrollo econ\u00f3mico y social.<\/p><p>La Ley de Inversiones incentiva y protege la inversi\u00f3n privada y, m\u00e1s espec\u00edficamente, la inversi\u00f3n extranjera directa, garantizando la igualdad de trato a inversionistas y permitiendo la transferencia de fondos al exterior sin demora y con la libertad de convertir moneda a trav\u00e9s del Sistema Bancario.<\/p><p>Tambi\u00e9n se promueve la protecci\u00f3n de la propiedad y seguridad jur\u00eddica conforme a la Constituci\u00f3n, garantizando a los inversionistas extranjeros y nacionales la protecci\u00f3n de sus bienes y el derecho a la libre disposici\u00f3n de sus bienes.<\/p><\/div>                      <\/div>  \n         <\/div>\n         \n      \t<\/div>\n<\/div>\n<div id=\"uc_content_tabs_elementor_3af5fa7c_item3\" class=\"tab-container panes\">\n\t<div>\n                     <div class=\"ue-item-content-layout\"> \n           <div class=\"ue-item-image-wrapper\"><\/div>\n           <div class=\"ue-item-content-wrapper\">\n                      <div class=\"ue-content-text\"><p>El Salvador avanza en eliminar la tramitolog\u00eda y burocracia que frena la dinamizaci\u00f3n de la econom\u00eda. Actualmente, el pa\u00eds cuenta con 424 procesos simplificados, 222 digitalizados, 152 procedimientos con resoluci\u00f3n de un d\u00eda h\u00e1bil y 60% reducci\u00f3n total de tiempos.<\/p><p>Para exportar, un tr\u00e1mite en promedio tiene una duraci\u00f3n de 5.3 minutos, anteriormente duraba hasta 72 horas.<\/p><p>Por otra parte, el pa\u00eds ha iniciado el plan de digitalizaci\u00f3n de servicios p\u00fablicos, a trav\u00e9s de la Agenda Digital 2020-2030, para mejorar la eficiencia, la calidad de vida de los ciudadanos e impactar significativamente en el clima de negocios de nuestro pa\u00eds. Esta iniciativa, modernizar\u00e1 y agilizar\u00e1 los tr\u00e1mites y servicios que brinda el Estado, con la integraci\u00f3n y uso de las nuevas tecnolog\u00edas.<\/p><\/div>                      <\/div>  \n         <\/div>\n         \n      \t<\/div>\n<\/div>\n<div id=\"uc_content_tabs_elementor_3af5fa7c_item4\" class=\"tab-container panes\">\n\t<div>\n                     <div class=\"ue-item-content-layout\"> \n           <div class=\"ue-item-image-wrapper\"><\/div>\n           <div class=\"ue-item-content-wrapper\">\n                      <div class=\"ue-content-text\"><p>El Salvador se ha abierto al mundo desarrollando condiciones que generan oportunidades en materia econ\u00f3mica para empresarios y emprendedores de todos los sectores del pa\u00eds, as\u00ed como para ratificar las buenas relaciones que existen con diferentes naciones, que son reconocidas por sus mercados internacionales prominentes. Ha establecido Tratados de Libre Comercio (TLC) con M\u00e9xico, Rep\u00fablica Dominicana, Chile, Colombia, Taiw\u00e1n, Panam\u00e1, Rep\u00fablica de Corea del Sur y Estados Unidos.<\/p><p>Igualmente, Acuerdos de Alcance Parcial (AAP) con Cuba y Ecuador; Acuerdos de Asociaci\u00f3n con la Uni\u00f3n Europea, Reino Unido de Gran Breta\u00f1a e Irlanda del Norte; y un Tratado General de Integraci\u00f3n Econ\u00f3mica Centroamericana.<\/p><p data-sourcepos=\"7:1-8:33\">El pa\u00eds tambi\u00e9n cuenta con una s\u00f3lida red de acuerdos comerciales, que incluyen 12 convenios que facilitan las relaciones comerciales con 41 pa\u00edses de Am\u00e9rica, Europa y Asia. Estos acuerdos abren las puertas a un mercado potencial de aproximadamente 1,200 millones de consumidores y representan una oportunidad invaluable para la expansi\u00f3n y diversificaci\u00f3n comercial.<\/p><\/div>                      <\/div>  \n         <\/div>\n         \n      \t<\/div>\n<\/div>\n<div id=\"uc_content_tabs_elementor_3af5fa7c_item5\" class=\"tab-container panes\">\n\t<div>\n      \t\t<div data-elementor-type=\"container\" data-elementor-id=\"16188\" class=\"elementor elementor-16188\" data-elementor-post-type=\"elementor_library\">\n\t\t\t\t<div class=\"elementor-element elementor-element-e651bd0 e-flex e-con-boxed wpr-jarallax-no wpr-sticky-section-no e-con e-parent\" data-id=\"e651bd0\" data-element_type=\"container\">\n\t\t\t\t\t<div class=\"e-con-inner\">\n\t\t\t\t<div class=\"elementor-element elementor-element-09ac62d elementor-widget elementor-widget-text-editor\" data-id=\"09ac62d\" data-element_type=\"widget\" data-widget_type=\"text-editor.default\">\n\t\t\t\t<div class=\"elementor-widget-container\">\n\t\t\t\t\t\t\t\t\t<p data-sourcepos=\"3:1-3:294\">Para la importaci\u00f3n de maquinaria, equipo, materias primas y otros art\u00edculos utilizados en la producci\u00f3n de bienes y servicios, el marco legal de El Salvador establece la exenci\u00f3n total del impuesto sobre la renta, impuestos municipales, impuestos a las transferencias de bienes inmuebles, as\u00ed como derechos e impuestos aduaneros.<\/p><p>Adem\u00e1s, para la generaci\u00f3n de las condiciones necesarias para las inversiones, el Presidente Nayib Bukele, present\u00f3 a la Asamblea Legislativa, un paquete de<strong>\u00a0Leyes (a desarrollar o modificar)<\/strong>\u00a0<strong>para promover la atracci\u00f3n de inversion,<\/strong>\u00a0eliminar la burocracia y crear incentivos fiscales con la finalidad de inyectar a la econom\u00eda nacional un mayor crecimiento econ\u00f3mico y generar m\u00e1s y mejores empleos a lo largo y ancho del pa\u00eds.<\/p><p><span style=\"color: #ffffff;\"><strong>Son 8 las leyes que contienen incentivos o beneficios fiscales para los inversionistas en diferentes sectores:<\/strong><\/span><\/p><p><span style=\"color: #ffffff;\"><a style=\"color: #ffffff;\" href=\"https:\/\/investinelsalvador.gob.sv\/wp-content\/uploads\/2023\/11\/Ley-de-Zonas-Francas-Industriales-y-de-Comercializacion.pdf\" target=\"_blank\" rel=\"nofollow noopener\">Ley de Zonas Francas Industriales y de Comercializaci\u00f3n<\/a><\/span><br \/><span style=\"color: #ffffff;\"><a style=\"color: #ffffff;\" href=\"https:\/\/investinelsalvador.gob.sv\/wp-content\/uploads\/2023\/11\/Ley-de-Servicios-Internacionales-1.pdf\" target=\"_blank\" rel=\"noopener\">Ley de Servicios Internacionales<\/a> <\/span><br \/><span style=\"color: #ffffff;\"><a style=\"color: #ffffff;\" href=\"https:\/\/investinelsalvador.gob.sv\/wp-content\/uploads\/2023\/05\/Ley-de-fomento-a-la-innovacion-y-manufactura-de-tecnologias-PDF-1.pdf\" target=\"_blank\" rel=\"noopener\">Ley de Fomento a la Innovaci\u00f3n y Manufactura de Tecnolog\u00edas<\/a><\/span><br \/><span style=\"color: #ffffff;\"><a style=\"color: #ffffff;\" href=\"https:\/\/investinelsalvador.gob.sv\/wp-content\/uploads\/2023\/11\/Ley-de-Emision-de-Activos-Digitales.pdf\">Ley de Emisi\u00f3n de Activos Digitales<\/a><\/span><br \/><span style=\"color: #ffffff;\"><a style=\"color: #ffffff;\" href=\"https:\/\/investinelsalvador.gob.sv\/wp-content\/uploads\/2023\/11\/Ley-de-Incentivos-Fiscales-para-el-Fomento-de-las-Energias-Renovables-en-la-Generacion-de-Electricidad-1.pdf\" target=\"_blank\" rel=\"noopener\">Ley de Incentivos Fiscales para el Fomento de las Energ\u00edas Renovables en Generaci\u00f3n de Electricidad<\/a><\/span><br \/><span style=\"color: #ffffff;\"><a style=\"color: #ffffff;\" href=\"https:\/\/investinelsalvador.gob.sv\/wp-content\/uploads\/2023\/11\/Ley-de-Creacion-de-la-Autoridad-de-Planificacion-del-Centro-Historico-de-San-Salvador-3.pdf\" target=\"_blank\" rel=\"noopener\">Ley de Creaci\u00f3n de la Autoridad de Planificaci\u00f3n del Centro Hist\u00f3rico de San Salvador<\/a><\/span><br \/><span style=\"color: #ffffff;\"><a style=\"color: #ffffff;\" href=\"https:\/\/investinelsalvador.gob.sv\/wp-content\/uploads\/2020\/08\/Ley-de-Estabilidad-Juridica.pdf\">Ley de Estabilidad Jur\u00eddica para las Inversiones<\/a><\/span><br \/><span style=\"color: #ffffff;\"><a style=\"color: #ffffff;\" href=\"https:\/\/investinelsalvador.gob.sv\/wp-content\/uploads\/2023\/11\/Ley-de-Impuesto-a-la-Transferencia-de-Bienes-Muebles-y-a-la-Prestacion-de-Servicios-3.pdf\" target=\"_blank\" rel=\"noopener\">Ley de Impuesto a la Transferencia de Bienes Muebles y a la Prestaci\u00f3n de Servicios<\/a><\/span><\/p><h5>\u00a0<\/h5>\t\t\t\t\t\t\t\t<\/div>\n\t\t\t\t<\/div>\n\t\t\t\t\t<\/div>\n\t\t\t\t<\/div>\n\t\t<div class=\"elementor-element elementor-element-cf7aeac e-flex e-con-boxed wpr-jarallax-no wpr-sticky-section-no e-con e-parent\" data-id=\"cf7aeac\" data-element_type=\"container\">\n\t\t\t\t\t<div class=\"e-con-inner\">\n\t\t<div class=\"elementor-element elementor-element-c713482 e-con-full e-flex wpr-jarallax-no wpr-sticky-section-no e-con e-child\" data-id=\"c713482\" data-element_type=\"container\">\n\t\t\t\t<div class=\"elementor-element elementor-element-a5627fc elementor-widget elementor-widget-text-editor\" data-id=\"a5627fc\" data-element_type=\"widget\" data-widget_type=\"text-editor.default\">\n\t\t\t\t<div class=\"elementor-widget-container\">\n\t\t\t\t\t\t\t\t\t<p>Para profundizar en este tema consulte el documento que concentra todos los incentivos y beneficios que ofrece El Salvador a inversionistas.\u00a0<\/p>\t\t\t\t\t\t\t\t<\/div>\n\t\t\t\t<\/div>\n\t\t\t\t<\/div>\n\t\t<div class=\"elementor-element elementor-element-42e451b e-con-full e-flex wpr-jarallax-no wpr-sticky-section-no e-con e-child\" data-id=\"42e451b\" data-element_type=\"container\">\n\t\t\t\t<div class=\"elementor-element elementor-element-5a0f76d elementor-view-stacked elementor-shape-circle elementor-widget elementor-widget-icon\" data-id=\"5a0f76d\" data-element_type=\"widget\" data-widget_type=\"icon.default\">\n\t\t\t\t<div class=\"elementor-widget-container\">\n\t\t\t\t\t<style>.elementor-element-5a0f76d{display:none !important}<\/style>\t\t\t\t<\/div>\n\t\t\t\t<\/div>\n\t\t\t\t<div class=\"elementor-element elementor-element-5b5982a elementor-view-stacked elementor-shape-circle elementor-widget elementor-widget-icon\" data-id=\"5b5982a\" data-element_type=\"widget\" data-widget_type=\"icon.default\">\n\t\t\t\t<div class=\"elementor-widget-container\">\n\t\t\t\t\t\t\t<div class=\"elementor-icon-wrapper\">\n\t\t\t<a class=\"elementor-icon\" href=\"https:\/\/investinelsalvador.gob.sv\/es\/download\/incentivos-y-beneficios-fiscales-en-el-salvador\/?wpdmdl=16329&#038;masterkey=V0vZScL_CiV_n4lrZ7KLKSScWMSKiaFzhrKl9YfVpD1cpwS8BrkC90rYyLaAQX1ODQqhr1TJczoXlw9XkNH708HS3lMfp0zP5aPHChjmqaQ\" target=\"_blank\">\n\t\t\t<i aria-hidden=\"true\" class=\"fas fa-file-download\"><\/i>\t\t\t<\/a>\n\t\t<\/div>\n\t\t\t\t\t\t<\/div>\n\t\t\t\t<\/div>\n\t\t\t\t<\/div>\n\t\t\t\t\t<\/div>\n\t\t\t\t<\/div>\n\t\t\t\t<\/div>\n\t\t            \n      \t<\/div>\n<\/div>\n\n        <\/div>\n  \n  <div class=\"uc-accordion-contents-template\" style=\"display:none\">\n    <div class=\"uc-accordion-icon\">\n      <span class=\"uc-accordion-icon-expand\"><i class='fas fa-plus'><\/i><\/span>\n      <span class=\"uc-accordion-icon-collapse\"><i class='fas fa-minus'><\/i><\/span>\n    <\/div>\n  <\/div>\n  \n<\/div>\n\t\t\t<!-- end Content Tabs -->\t\t\t\t<\/div>\n\t\t\t\t<\/div>\n\t\t\t\t<\/div>\n\t\t\t\t<\/div>","protected":false},"excerpt":{"rendered":"<p>Entorno empresarial propicio<\/p>","protected":false},"author":15,"featured_media":0,"parent":0,"menu_order":0,"comment_status":"closed","ping_status":"closed","template":"","meta":{"_acf_changed":false,"_eb_attr":"","content-type":"","footnotes":""},"class_list":["post-7797","page","type-page","status-publish","hentry"],"acf":[],"aioseo_notices":[],"_links":{"self":[{"href":"https:\/\/investinelsalvador.gob.sv\/es\/wp-json\/wp\/v2\/pages\/7797","targetHints":{"allow":["GET"]}}],"collection":[{"href":"https:\/\/investinelsalvador.gob.sv\/es\/wp-json\/wp\/v2\/pages"}],"about":[{"href":"https:\/\/investinelsalvador.gob.sv\/es\/wp-json\/wp\/v2\/types\/page"}],"author":[{"embeddable":true,"href":"https:\/\/investinelsalvador.gob.sv\/es\/wp-json\/wp\/v2\/users\/15"}],"replies":[{"embeddable":true,"href":"https:\/\/investinelsalvador.gob.sv\/es\/wp-json\/wp\/v2\/comments?post=7797"}],"version-history":[{"count":128,"href":"https:\/\/investinelsalvador.gob.sv\/es\/wp-json\/wp\/v2\/pages\/7797\/revisions"}],"predecessor-version":[{"id":26433,"href":"https:\/\/investinelsalvador.gob.sv\/es\/wp-json\/wp\/v2\/pages\/7797\/revisions\/26433"}],"wp:attachment":[{"href":"https:\/\/investinelsalvador.gob.sv\/es\/wp-json\/wp\/v2\/media?parent=7797"}],"curies":[{"name":"palabra clave","href":"https:\/\/api.w.org\/{rel}","templated":true}]}}